{"id":5820,"date":"2025-04-02T18:29:17","date_gmt":"2025-04-02T18:29:17","guid":{"rendered":"https:\/\/primeclass.cl\/?post_type=product&#038;p=5820"},"modified":"2026-02-04T18:02:00","modified_gmt":"2026-02-04T18:02:00","slug":"acceso-extendido-a-salon-vip-scl-arturo-merino-benitez","status":"publish","type":"product","link":"https:\/\/primeclass.cl\/pt\/produto\/acceso-extendido-a-salon-vip-scl-arturo-merino-benitez\/","title":{"rendered":"Acceso extendido a Sal\u00f3n VIP SCL | Arturo Merino Ben\u00edtez"},"content":{"rendered":"<header>\n<h1 style=\"text-align: center;\">Sala VIP Primeclass Pac\u00edfico do Aeroporto de Santiago<\/h1>\n<\/header>\n<section>\n<h2 style=\"text-align: center;\">Sala VIP no Aeroporto Arturo Merino Ben\u00edtez (SCL)<\/h2>\n<p style=\"text-align: center;\">Nossas salas VIP Primeclass Pac\u00edfico oferecem uma <strong>experi\u00eancia exclusiva<\/strong> e <strong>confort\u00e1vel<\/strong> durante sua estadia no aeroporto. Projetados por <strong>Pininfarina<\/strong>, esses espa\u00e7os premium contam com <strong>tecnologia avan\u00e7ada<\/strong> e uma est\u00e9tica moderna para que voc\u00ea aproveite um ambiente relaxante e agrad\u00e1vel. Agora voc\u00ea pode desfrutar de at\u00e9 6 horas neste espa\u00e7o \u00fanico, dobrando o tempo de conforto em compara\u00e7\u00e3o com o passe tradicional de 3 horas!<\/p>\n<\/section>\n<section>\n<h2 style=\"text-align: center;\">Benef\u00edcios do Sala VIP Primeclass Pac\u00edfico<\/h2>\n<ul style=\"text-align: center; list-style-position: inside;\" type=\"disc\">\n<li><strong>Acesso exclusivo<\/strong>: espa\u00e7os projetados para seu conforto e produtividade.<\/li>\n<li><strong>Buffet premium<\/strong>: lanches, pratos gourmet e bebidas de alta qualidade.<\/li>\n<li><strong>Servi\u00e7os personalizados<\/strong>: atendimento profissional para qualquer necessidade.<\/li>\n<li>Instala\u00e7\u00f5es premium: banheiros privados, chuveiros (sujeito \u00e0 disponibilidade) e \u00e1reas de descanso.<\/li>\n<li><strong>Wi-Fi de alta velocidade<\/strong>: mantenha-se conectado o tempo todo.<\/li>\n<\/ul>\n<p style=\"text-align: center;\">Todo esto es lo que siempre ofrecimos en nuestro pase de 3 horas, pero ahora con la opci\u00f3n de disfrutarlo \u00a1hasta por 6 horas continuas!<\/p>\n<\/section>\n<section>\n<h2 style=\"text-align: center;\">Por que escolher o Sala VIP Primeclass Pac\u00edfico?<\/h2>\n<p style=\"text-align: center;\">Nossas salas VIP t\u00eam <strong>conv\u00eanios com bancos, companhias a\u00e9reas e programas de fidelidade de viagens<\/strong>facilitando o acesso a servi\u00e7os exclusivos. Contamos com uma equipe altamente capacitada para proporcionar a voc\u00ea uma experi\u00eancia incompar\u00e1vel. Seja para uma viagem de neg\u00f3cios ou lazer, nosso objetivo \u00e9 garantir que sua estadia seja <strong>confort\u00e1vel<\/strong>, <strong>sem complica\u00e7\u00f5es.<\/strong> y a\u00fan m\u00e1s flexible con esta nueva ampliaci\u00f3n de tiempo.<\/p>\n<ul style=\"text-align: center; list-style-position: inside;\" type=\"disc\">\n<li>Assist\u00eancia para passageiros com necessidades especiais ou mobilidade reduzida.<\/li>\n<li>Informa\u00e7\u00f5es em tempo real sobre o status do seu voo.<\/li>\n<li>Ambientes tranquilos e exclusivos para relaxar antes de embarcar.<\/li>\n<\/ul>\n<\/section>\n<section>\n<h2 style=\"text-align: center;\">Condi\u00e7\u00f5es de acesso ao Sala VIP Primeclass Pac\u00edfico<\/h2>\n<p style=\"text-align: center;\">Passe para 1 pessoa:<\/p>\n<ul style=\"text-align: center; list-style-position: inside;\" type=\"disc\">\n<li>Perman\u00eancia de no m\u00e1ximo 6 horas, duplicando o tempo em rela\u00e7\u00e3o ao passe habitual de 3 horas.<\/li>\n<li>Acesso livre ao buffet de comida e bebidas.<\/li>\n<li>Uso de todas as instala\u00e7\u00f5es durante sua estadia.<\/li>\n<li>Revise as condi\u00e7\u00f5es de uso em <a href=\"https:\/\/primeclass.cl\/pt\/politicas-de-uso\/\" target=\"_blank\" rel=\"noopener\">Pol\u00edticas de Uso<\/a>.<\/li>\n<\/ul>\n<\/section>","protected":false},"excerpt":{"rendered":"<div class=\"elementor-element elementor-element-f1f91c8 elementor-widget elementor-widget-text-editor\" data-id=\"f1f91c8\" data-element_type=\"widget\" data-widget_type=\"text-editor.default\">\n<div class=\"elementor-widget-container\">\n<p><b>Acesso estendido a qualquer uma das nossas salas no Aeroporto Internacional Arturo Merino Ben\u00edtez, Santiago do Chile. <\/b><\/p>\n<p><strong>Escolha no momento em que a porta de embarque for atribu\u00edda ao seu voo.<\/strong><\/p>\n<p>Sala Ilha de P\u00e1scoa, localizado no portas C<\/p>\n<p>Sala Deserto, localizado no portas D<\/p>\n<p>Sala Lagos, localizado no portas E<\/p>\n<p>Sala Patagonia, localizado no portas F<\/p>\n<\/div>\n<\/div>\n<div class=\"elementor-element elementor-element-6436764 elementor-align-center elementor-widget elementor-widget-button\" data-id=\"6436764\" data-element_type=\"widget\" data-widget_type=\"button.default\">\n<p style=\"text-align: left;\"><strong><a href=\"https:\/\/primeclass.cl\/pt\/produto\/acceso-a-salon\/\">Acceso 3 hrs<\/a><\/strong><\/p>\n<\/div>\n<p><strong><a href=\"https:\/\/primeclass.cl\/pt\/produto\/acceso-completo-a-salon-vip-scl-arturo-merino-benitez\/\">Acesso de 9 horas<\/a><\/strong><\/p>","protected":false},"featured_media":5254,"comment_status":"closed","ping_status":"closed","template":"","meta":[],"product_brand":[],"product_cat":[23],"product_tag":[],"class_list":{"0":"post-5820","1":"product","2":"type-product","3":"status-publish","4":"has-post-thumbnail","6":"product_cat-salones-prime","7":"wcpa_has_options","9":"first","10":"instock","11":"shipping-taxable","12":"purchasable","13":"product-type-simple"},"yoast_head":"<!-- This site is optimized with the Yoast SEO plugin v26.7 - https:\/\/yoast.com\/wordpress\/plugins\/seo\/ -->\n<title>Acceso extendido a Sal\u00f3n VIP SCL | Arturo Merino Ben\u00edtez - PrimeClass<\/title>\n<meta name=\"description\" content=\"Compra tu acceso al Sal\u00f3n Primeclass Pac\u00edfico y disfruta de un buffet exclusivo en un ambiente tranquilo mientras esperas tu vuelo.\" \/>\n<meta name=\"robots\" content=\"index, follow, max-snippet:-1, max-image-preview:large, max-video-preview:-1\" \/>\n<link rel=\"canonical\" href=\"https:\/\/primeclass.cl\/pt\/produto\/acceso-extendido-a-salon-vip-scl-arturo-merino-benitez\/\" \/>\n<meta property=\"og:locale\" content=\"pt_BR\" \/>\n<meta property=\"og:type\" content=\"article\" \/>\n<meta property=\"og:title\" content=\"Acceso extendido a Sal\u00f3n VIP SCL | Arturo Merino Ben\u00edtez - PrimeClass\" \/>\n<meta property=\"og:description\" content=\"Compra tu acceso al Sal\u00f3n Primeclass Pac\u00edfico y disfruta de un buffet exclusivo en un ambiente tranquilo mientras esperas tu vuelo.\" \/>\n<meta property=\"og:url\" content=\"https:\/\/primeclass.cl\/pt\/produto\/acceso-extendido-a-salon-vip-scl-arturo-merino-benitez\/\" \/>\n<meta property=\"og:site_name\" content=\"PrimeClass\" \/>\n<meta property=\"article:modified_time\" content=\"2026-02-04T18:02:00+00:00\" \/>\n<meta property=\"og:image\" content=\"https:\/\/primeclass.cl\/wp-content\/uploads\/2024\/12\/IMG-16-scaled.jpg\" \/>\n\t<meta property=\"og:image:width\" content=\"2560\" \/>\n\t<meta property=\"og:image:height\" content=\"1707\" \/>\n\t<meta property=\"og:image:type\" content=\"image\/jpeg\" \/>\n<meta name=\"twitter:card\" content=\"summary_large_image\" \/>\n<meta name=\"twitter:label1\" content=\"Est. tempo de leitura\" \/>\n\t<meta name=\"twitter:data1\" content=\"2 minutos\" \/>\n<script type=\"application\/ld+json\" class=\"yoast-schema-graph\">{\"@context\":\"https:\/\/schema.org\",\"@graph\":[{\"@type\":\"WebPage\",\"@id\":\"https:\/\/primeclass.cl\/producto\/acceso-extendido-a-salon-vip-scl-arturo-merino-benitez\/\",\"url\":\"https:\/\/primeclass.cl\/producto\/acceso-extendido-a-salon-vip-scl-arturo-merino-benitez\/\",\"name\":\"Acceso extendido a Sal\u00f3n VIP SCL | Arturo Merino Ben\u00edtez - PrimeClass\",\"isPartOf\":{\"@id\":\"https:\/\/primeclass.cl\/#website\"},\"primaryImageOfPage\":{\"@id\":\"https:\/\/primeclass.cl\/producto\/acceso-extendido-a-salon-vip-scl-arturo-merino-benitez\/#primaryimage\"},\"image\":{\"@id\":\"https:\/\/primeclass.cl\/producto\/acceso-extendido-a-salon-vip-scl-arturo-merino-benitez\/#primaryimage\"},\"thumbnailUrl\":\"https:\/\/primeclass.cl\/wp-content\/uploads\/2024\/12\/IMG-16-scaled.jpg\",\"datePublished\":\"2025-04-02T18:29:17+00:00\",\"dateModified\":\"2026-02-04T18:02:00+00:00\",\"description\":\"Compra tu acceso al Sal\u00f3n Primeclass Pac\u00edfico y disfruta de un buffet exclusivo en un ambiente tranquilo mientras esperas tu vuelo.\",\"breadcrumb\":{\"@id\":\"https:\/\/primeclass.cl\/producto\/acceso-extendido-a-salon-vip-scl-arturo-merino-benitez\/#breadcrumb\"},\"inLanguage\":\"pt-BR\",\"potentialAction\":[{\"@type\":\"ReadAction\",\"target\":[\"https:\/\/primeclass.cl\/producto\/acceso-extendido-a-salon-vip-scl-arturo-merino-benitez\/\"]}]},{\"@type\":\"ImageObject\",\"inLanguage\":\"pt-BR\",\"@id\":\"https:\/\/primeclass.cl\/producto\/acceso-extendido-a-salon-vip-scl-arturo-merino-benitez\/#primaryimage\",\"url\":\"https:\/\/primeclass.cl\/wp-content\/uploads\/2024\/12\/IMG-16-scaled.jpg\",\"contentUrl\":\"https:\/\/primeclass.cl\/wp-content\/uploads\/2024\/12\/IMG-16-scaled.jpg\",\"width\":2560,\"height\":1707,\"caption\":\"Buffet Primeclass Pacifico\"},{\"@type\":\"BreadcrumbList\",\"@id\":\"https:\/\/primeclass.cl\/producto\/acceso-extendido-a-salon-vip-scl-arturo-merino-benitez\/#breadcrumb\",\"itemListElement\":[{\"@type\":\"ListItem\",\"position\":1,\"name\":\"Portada\",\"item\":\"https:\/\/primeclass.cl\/\"},{\"@type\":\"ListItem\",\"position\":2,\"name\":\"Tienda\",\"item\":\"https:\/\/primeclass.cl\/tienda\/\"},{\"@type\":\"ListItem\",\"position\":3,\"name\":\"Acceso extendido a Sal\u00f3n VIP SCL | Arturo Merino Ben\u00edtez\"}]},{\"@type\":\"WebSite\",\"@id\":\"https:\/\/primeclass.cl\/#website\",\"url\":\"https:\/\/primeclass.cl\/\",\"name\":\"Prime Class Salones Vip\",\"description\":\"Salones Vip Aeropuerto SCL\",\"publisher\":{\"@id\":\"https:\/\/primeclass.cl\/#organization\"},\"potentialAction\":[{\"@type\":\"SearchAction\",\"target\":{\"@type\":\"EntryPoint\",\"urlTemplate\":\"https:\/\/primeclass.cl\/?s={search_term_string}\"},\"query-input\":{\"@type\":\"PropertyValueSpecification\",\"valueRequired\":true,\"valueName\":\"search_term_string\"}}],\"inLanguage\":\"pt-BR\"},{\"@type\":\"Organization\",\"@id\":\"https:\/\/primeclass.cl\/#organization\",\"name\":\"PrimeClass Pac\u00edfico\",\"url\":\"https:\/\/primeclass.cl\/\",\"logo\":{\"@type\":\"ImageObject\",\"inLanguage\":\"pt-BR\",\"@id\":\"https:\/\/primeclass.cl\/#\/schema\/logo\/image\/\",\"url\":\"https:\/\/primeclass.cl\/wp-content\/uploads\/2024\/10\/Logo-sin-fondo.png\",\"contentUrl\":\"https:\/\/primeclass.cl\/wp-content\/uploads\/2024\/10\/Logo-sin-fondo.png\",\"width\":832,\"height\":832,\"caption\":\"PrimeClass Pac\u00edfico\"},\"image\":{\"@id\":\"https:\/\/primeclass.cl\/#\/schema\/logo\/image\/\"},\"sameAs\":[\"https:\/\/www.linkedin.com\/company\/primeclass-pacifico\",\"https:\/\/www.instagram.com\/primeclasspacifico\/\"]}]}<\/script>\n<!-- \/ Yoast SEO plugin. -->","yoast_head_json":{"title":"Acceso extendido a Sal\u00f3n VIP SCL | Arturo Merino Ben\u00edtez - PrimeClass","description":"Compre seu acesso ao Primeclass Pacific Lounge e desfrute de um buffet exclusivo em um ambiente tranquilo enquanto espera seu voo.","robots":{"index":"index","follow":"follow","max-snippet":"max-snippet:-1","max-image-preview":"max-image-preview:large","max-video-preview":"max-video-preview:-1"},"canonical":"https:\/\/primeclass.cl\/pt\/produto\/acceso-extendido-a-salon-vip-scl-arturo-merino-benitez\/","og_locale":"pt_BR","og_type":"article","og_title":"Acceso extendido a Sal\u00f3n VIP SCL | Arturo Merino Ben\u00edtez - PrimeClass","og_description":"Compra tu acceso al Sal\u00f3n Primeclass Pac\u00edfico y disfruta de un buffet exclusivo en un ambiente tranquilo mientras esperas tu vuelo.","og_url":"https:\/\/primeclass.cl\/pt\/produto\/acceso-extendido-a-salon-vip-scl-arturo-merino-benitez\/","og_site_name":"PrimeClass","article_modified_time":"2026-02-04T18:02:00+00:00","og_image":[{"width":2560,"height":1707,"url":"https:\/\/primeclass.cl\/wp-content\/uploads\/2024\/12\/IMG-16-scaled.jpg","type":"image\/jpeg"}],"twitter_card":"summary_large_image","twitter_misc":{"Est. tempo de leitura":"2 minutos"},"schema":{"@context":"https:\/\/schema.org","@graph":[{"@type":"WebPage","@id":"https:\/\/primeclass.cl\/producto\/acceso-extendido-a-salon-vip-scl-arturo-merino-benitez\/","url":"https:\/\/primeclass.cl\/producto\/acceso-extendido-a-salon-vip-scl-arturo-merino-benitez\/","name":"Acceso extendido a Sal\u00f3n VIP SCL | Arturo Merino Ben\u00edtez - PrimeClass","isPartOf":{"@id":"https:\/\/primeclass.cl\/#website"},"primaryImageOfPage":{"@id":"https:\/\/primeclass.cl\/producto\/acceso-extendido-a-salon-vip-scl-arturo-merino-benitez\/#primaryimage"},"image":{"@id":"https:\/\/primeclass.cl\/producto\/acceso-extendido-a-salon-vip-scl-arturo-merino-benitez\/#primaryimage"},"thumbnailUrl":"https:\/\/primeclass.cl\/wp-content\/uploads\/2024\/12\/IMG-16-scaled.jpg","datePublished":"2025-04-02T18:29:17+00:00","dateModified":"2026-02-04T18:02:00+00:00","description":"Compre seu acesso ao Primeclass Pacific Lounge e desfrute de um buffet exclusivo em um ambiente tranquilo enquanto espera seu voo.","breadcrumb":{"@id":"https:\/\/primeclass.cl\/producto\/acceso-extendido-a-salon-vip-scl-arturo-merino-benitez\/#breadcrumb"},"inLanguage":"pt-BR","potentialAction":[{"@type":"ReadAction","target":["https:\/\/primeclass.cl\/producto\/acceso-extendido-a-salon-vip-scl-arturo-merino-benitez\/"]}]},{"@type":"ImageObject","inLanguage":"pt-BR","@id":"https:\/\/primeclass.cl\/producto\/acceso-extendido-a-salon-vip-scl-arturo-merino-benitez\/#primaryimage","url":"https:\/\/primeclass.cl\/wp-content\/uploads\/2024\/12\/IMG-16-scaled.jpg","contentUrl":"https:\/\/primeclass.cl\/wp-content\/uploads\/2024\/12\/IMG-16-scaled.jpg","width":2560,"height":1707,"caption":"Buffet Primeclass Pacifico"},{"@type":"BreadcrumbList","@id":"https:\/\/primeclass.cl\/producto\/acceso-extendido-a-salon-vip-scl-arturo-merino-benitez\/#breadcrumb","itemListElement":[{"@type":"ListItem","position":1,"name":"Portada","item":"https:\/\/primeclass.cl\/"},{"@type":"ListItem","position":2,"name":"Tienda","item":"https:\/\/primeclass.cl\/tienda\/"},{"@type":"ListItem","position":3,"name":"Acceso extendido a Sal\u00f3n VIP SCL | Arturo Merino Ben\u00edtez"}]},{"@type":"WebSite","@id":"https:\/\/primeclass.cl\/#website","url":"https:\/\/primeclass.cl\/","name":"Prime Class Salones Vip","description":"Salones Vip Aeropuerto SCL","publisher":{"@id":"https:\/\/primeclass.cl\/#organization"},"potentialAction":[{"@type":"SearchAction","target":{"@type":"EntryPoint","urlTemplate":"https:\/\/primeclass.cl\/?s={search_term_string}"},"query-input":{"@type":"PropertyValueSpecification","valueRequired":true,"valueName":"search_term_string"}}],"inLanguage":"pt-BR"},{"@type":"Organization","@id":"https:\/\/primeclass.cl\/#organization","name":"PrimeClass Pac\u00edfico","url":"https:\/\/primeclass.cl\/","logo":{"@type":"ImageObject","inLanguage":"pt-BR","@id":"https:\/\/primeclass.cl\/#\/schema\/logo\/image\/","url":"https:\/\/primeclass.cl\/wp-content\/uploads\/2024\/10\/Logo-sin-fondo.png","contentUrl":"https:\/\/primeclass.cl\/wp-content\/uploads\/2024\/10\/Logo-sin-fondo.png","width":832,"height":832,"caption":"PrimeClass Pac\u00edfico"},"image":{"@id":"https:\/\/primeclass.cl\/#\/schema\/logo\/image\/"},"sameAs":["https:\/\/www.linkedin.com\/company\/primeclass-pacifico","https:\/\/www.instagram.com\/primeclasspacifico\/"]}]}},"_links":{"self":[{"href":"https:\/\/primeclass.cl\/pt\/wp-json\/wp\/v2\/product\/5820","targetHints":{"allow":["GET"]}}],"collection":[{"href":"https:\/\/primeclass.cl\/pt\/wp-json\/wp\/v2\/product"}],"about":[{"href":"https:\/\/primeclass.cl\/pt\/wp-json\/wp\/v2\/types\/product"}],"replies":[{"embeddable":true,"href":"https:\/\/primeclass.cl\/pt\/wp-json\/wp\/v2\/comments?post=5820"}],"wp:featuredmedia":[{"embeddable":true,"href":"https:\/\/primeclass.cl\/pt\/wp-json\/wp\/v2\/media\/5254"}],"wp:attachment":[{"href":"https:\/\/primeclass.cl\/pt\/wp-json\/wp\/v2\/media?parent=5820"}],"wp:term":[{"taxonomy":"product_brand","embeddable":true,"href":"https:\/\/primeclass.cl\/pt\/wp-json\/wp\/v2\/product_brand?post=5820"},{"taxonomy":"product_cat","embeddable":true,"href":"https:\/\/primeclass.cl\/pt\/wp-json\/wp\/v2\/product_cat?post=5820"},{"taxonomy":"product_tag","embeddable":true,"href":"https:\/\/primeclass.cl\/pt\/wp-json\/wp\/v2\/product_tag?post=5820"}],"curies":[{"name":"wp","href":"https:\/\/api.w.org\/{rel}","templated":true}]}}