{"id":5253,"date":"2024-12-19T15:07:42","date_gmt":"2024-12-19T15:07:42","guid":{"rendered":"https:\/\/primeclass.cl\/?post_type=product&#038;p=5253"},"modified":"2025-09-05T12:52:21","modified_gmt":"2025-09-05T12:52:21","slug":"acceso-a-salon","status":"publish","type":"product","link":"https:\/\/primeclass.cl\/pt\/produto\/acceso-a-salon\/","title":{"rendered":"Acesso ao Sala VIP SCL | Arturo Merino Ben\u00edtez"},"content":{"rendered":"<header>\n<h1 style=\"text-align: center;\">Sala VIP Primeclass Pac\u00edfico do Aeroporto de Santiago<\/h1>\n<\/header>\n<section>\n<h2 style=\"text-align: center;\">Sala VIP no Aeroporto Arturo Merino Ben\u00edtez (SCL)<\/h2>\n<p style=\"text-align: center;\">Nossas salas VIP Primeclass Pac\u00edfico oferecem uma <strong>experi\u00eancia exclusiva<\/strong> e <strong>confort\u00e1vel<\/strong> durante sua estadia no aeroporto. Projetados por <strong>Pininfarina<\/strong>, esses espa\u00e7os premium contam com <strong>tecnologia avan\u00e7ada<\/strong> e uma est\u00e9tica moderna para que voc\u00ea desfrute de um ambiente relaxante e agrad\u00e1vel.<\/p>\n<\/section>\n<section>\n<h2 style=\"text-align: center;\">Benef\u00edcios do Sala VIP Primeclass Pac\u00edfico<\/h2>\n<ul style=\"text-align: center; list-style-position: inside;\" type=\"disc\">\n<li><strong>Acesso exclusivo<\/strong>: espa\u00e7os projetados para seu conforto e produtividade.<\/li>\n<li><strong>Buffet premium<\/strong>: lanches, pratos gourmet e bebidas de alta qualidade.<\/li>\n<li><strong>Servi\u00e7os personalizados<\/strong>: atendimento profissional para qualquer necessidade.<\/li>\n<li>Instala\u00e7\u00f5es premium: banheiros privados, chuveiros (sujeito \u00e0 disponibilidade) e \u00e1reas de descanso.<\/li>\n<li><strong>Wi-Fi de alta velocidade<\/strong>: mantenha-se conectado o tempo todo.<\/li>\n<\/ul>\n<\/section>\n<section>\n<h2 style=\"text-align: center;\">Por que escolher o Sala VIP Primeclass Pac\u00edfico?<\/h2>\n<p style=\"text-align: center;\">Nossas salas VIP t\u00eam <strong>conv\u00eanios com bancos, companhias a\u00e9reas e programas de fidelidade de viagens<\/strong>facilitando o acesso a servi\u00e7os exclusivos. Contamos com uma equipe altamente capacitada para proporcionar a voc\u00ea uma experi\u00eancia incompar\u00e1vel. Seja para uma viagem de neg\u00f3cios ou lazer, nosso objetivo \u00e9 garantir que sua estadia seja <strong>confort\u00e1vel<\/strong> e <strong>sem complica\u00e7\u00f5es.<\/strong>.<\/p>\n<ul style=\"text-align: center; list-style-position: inside;\" type=\"disc\">\n<li>Assist\u00eancia para passageiros com necessidades especiais ou mobilidade reduzida.<\/li>\n<li>Informa\u00e7\u00f5es em tempo real sobre o status do seu voo.<\/li>\n<li>Ambientes tranquilos e exclusivos para relaxar antes de embarcar.<\/li>\n<\/ul>\n<\/section>\n<section>\n<h2 style=\"text-align: center;\">Condi\u00e7\u00f5es de acesso ao Sala VIP Primeclass Pac\u00edfico<\/h2>\n<p style=\"text-align: center;\">Passe para 1 pessoa:<\/p>\n<ul style=\"text-align: center; list-style-position: inside;\" type=\"disc\">\n<li>Perman\u00eancia de no m\u00e1ximo 3 horas.<\/li>\n<li>Acesso livre ao buffet de comida e bebidas.<\/li>\n<li>Uso de todas as instala\u00e7\u00f5es durante sua estadia.<\/li>\n<li>Revise as condi\u00e7\u00f5es de uso em <a href=\"https:\/\/primeclass.cl\/pt\/politicas-de-uso\/\" target=\"_blank\" rel=\"noopener\">Pol\u00edticas de Uso<\/a>.<\/li>\n<\/ul>\n<\/section>","protected":false},"excerpt":{"rendered":"<div class=\"elementor-element elementor-element-f1f91c8 elementor-widget elementor-widget-text-editor\" data-id=\"f1f91c8\" data-element_type=\"widget\" data-widget_type=\"text-editor.default\">\n<div class=\"elementor-widget-container\">\n<p><b>Acesso geral a qualquer um de nossos Salas no Aeroporto Internacional Arturo Merino Ben\u00edtez, Santiago do Chile. <\/b><\/p>\n<p><strong>Escolha no momento em que a porta de embarque for atribu\u00edda ao seu voo.<\/strong><\/p>\n<p>Sala Ilha de P\u00e1scoa, localizado no portas C<\/p>\n<p>Sala Deserto, localizado no portas D<\/p>\n<p>Sala Lagos, localizado no portas E<\/p>\n<p>Sala Patagonia, localizado no portas F<\/p>\n<p>Sal\u00f3n Metr\u00f3polis, ubicado en la zona de llegadas<\/p>\n<p>Se a sua estadia for superior a 3 horas:<\/p>\n<p><strong><a href=\"https:\/\/primeclass.cl\/pt\/produto\/acceso-extendido-a-salon-vip-scl-arturo-merino-benitez\/\">Acesso de 6 horas<\/a><\/strong><\/p>\n<p><strong><a href=\"https:\/\/primeclass.cl\/pt\/produto\/acceso-completo-a-salon-vip-scl-arturo-merino-benitez\/\">Acesso de 9 horas<\/a><\/strong><\/p>\n<\/div>\n<\/div>\n<div class=\"elementor-element elementor-element-6436764 elementor-align-center elementor-widget elementor-widget-button\" data-id=\"6436764\" data-element_type=\"widget\" data-widget_type=\"button.default\">\n<div class=\"elementor-widget-container\">\n<div class=\"elementor-button-wrapper\"><\/div>\n<\/div>\n<\/div>","protected":false},"featured_media":5254,"comment_status":"closed","ping_status":"closed","template":"","meta":[],"product_brand":[],"product_cat":[23],"product_tag":[],"class_list":["post-5253","product","type-product","status-publish","has-post-thumbnail","product_cat-salones-prime","wcpa_has_options","first","instock","shipping-taxable","purchasable","product-type-simple"],"_links":{"self":[{"href":"https:\/\/primeclass.cl\/pt\/wp-json\/wp\/v2\/product\/5253","targetHints":{"allow":["GET"]}}],"collection":[{"href":"https:\/\/primeclass.cl\/pt\/wp-json\/wp\/v2\/product"}],"about":[{"href":"https:\/\/primeclass.cl\/pt\/wp-json\/wp\/v2\/types\/product"}],"replies":[{"embeddable":true,"href":"https:\/\/primeclass.cl\/pt\/wp-json\/wp\/v2\/comments?post=5253"}],"wp:featuredmedia":[{"embeddable":true,"href":"https:\/\/primeclass.cl\/pt\/wp-json\/wp\/v2\/media\/5254"}],"wp:attachment":[{"href":"https:\/\/primeclass.cl\/pt\/wp-json\/wp\/v2\/media?parent=5253"}],"wp:term":[{"taxonomy":"product_brand","embeddable":true,"href":"https:\/\/primeclass.cl\/pt\/wp-json\/wp\/v2\/product_brand?post=5253"},{"taxonomy":"product_cat","embeddable":true,"href":"https:\/\/primeclass.cl\/pt\/wp-json\/wp\/v2\/product_cat?post=5253"},{"taxonomy":"product_tag","embeddable":true,"href":"https:\/\/primeclass.cl\/pt\/wp-json\/wp\/v2\/product_tag?post=5253"}],"curies":[{"name":"wp","href":"https:\/\/api.w.org\/{rel}","templated":true}]}}